{"id":40208,"date":"2025-10-08T12:14:41","date_gmt":"2025-10-08T12:14:41","guid":{"rendered":"https:\/\/fontfusters.cat\/portfolio\/mont-agora-santa-margarida-de-montbui\/"},"modified":"2025-11-04T11:15:13","modified_gmt":"2025-11-04T11:15:13","slug":"mont-agora-santa-margarida-de-montbui","status":"publish","type":"cpt_portfolio","link":"https:\/\/fontfusters.cat\/fr\/portfolio\/mont-agora-santa-margarida-de-montbui\/","title":{"rendered":"Mont \u00c0gora (Santa Margarida de Montbui)"},"content":{"rendered":"\t\t<div data-elementor-type=\"wp-post\" data-elementor-id=\"40208\" class=\"elementor elementor-40208 elementor-37328\" data-elementor-post-type=\"cpt_portfolio\">\n\t\t\t\t\t\t<section class=\"elementor-section elementor-top-section elementor-element elementor-element-7646e27 elementor-section-boxed elementor-section-height-default elementor-section-height-default sc_fly_static\" data-id=\"7646e27\" data-element_type=\"section\" data-e-type=\"section\">\n\t\t\t\t\t\t<div class=\"elementor-container elementor-column-gap-no\">\n\t\t\t\t\t<div class=\"elementor-column elementor-col-100 elementor-top-column elementor-element elementor-element-f09ab87 sc_inner_width_none sc_content_align_inherit sc_layouts_column_icons_position_left sc_fly_static\" data-id=\"f09ab87\" data-element_type=\"column\" data-e-type=\"column\">\n\t\t\t<div class=\"elementor-widget-wrap elementor-element-populated\">\n\t\t\t\t\t\t<div class=\"elementor-element elementor-element-23da184 sc_fly_static elementor-widget elementor-widget-gallery\" data-id=\"23da184\" data-element_type=\"widget\" data-e-type=\"widget\" data-settings=\"{&quot;gallery_layout&quot;:&quot;masonry&quot;,&quot;columns&quot;:1,&quot;gap&quot;:{&quot;unit&quot;:&quot;px&quot;,&quot;size&quot;:30,&quot;sizes&quot;:[]},&quot;image_hover_animation&quot;:&quot;shrink-contained&quot;,&quot;lazyload&quot;:&quot;yes&quot;,&quot;columns_tablet&quot;:2,&quot;columns_mobile&quot;:1,&quot;gap_tablet&quot;:{&quot;unit&quot;:&quot;px&quot;,&quot;size&quot;:10,&quot;sizes&quot;:[]},&quot;gap_mobile&quot;:{&quot;unit&quot;:&quot;px&quot;,&quot;size&quot;:10,&quot;sizes&quot;:[]},&quot;link_to&quot;:&quot;file&quot;,&quot;content_hover_animation&quot;:&quot;fade-in&quot;}\" data-widget_type=\"gallery.default\">\n\t\t\t\t<div class=\"elementor-widget-container\">\n\t\t\t\t\t\t\t<div class=\"elementor-gallery__container\">\n\t\t\t\t\t\t\t<a class=\"e-gallery-item elementor-gallery-item elementor-animated-content\" href=\"https:\/\/fontfusters.cat\/wp-content\/uploads\/2025\/10\/auditori.jpg\" data-elementor-open-lightbox=\"yes\" data-elementor-lightbox-slideshow=\"23da184\" data-elementor-lightbox-title=\"auditori\" data-e-action-hash=\"#elementor-action%3Aaction%3Dlightbox%26settings%3DeyJpZCI6MzczMzEsInVybCI6Imh0dHBzOlwvXC9mb250ZnVzdGVycy5jYXRcL3dwLWNvbnRlbnRcL3VwbG9hZHNcLzIwMjVcLzEwXC9hdWRpdG9yaS5qcGciLCJzbGlkZXNob3ciOiIyM2RhMTg0In0%3D\">\n\t\t\t\t\t<div class=\"e-gallery-image elementor-gallery-item__image\" data-thumbnail=\"https:\/\/fontfusters.cat\/wp-content\/uploads\/2025\/10\/auditori.jpg\" data-width=\"1200\" data-height=\"800\" aria-label=\"\" role=\"img\" ><\/div>\n\t\t\t\t\t\t\t\t\t\t\t\t\t\t<\/a>\n\t\t\t\t\t\t\t<a class=\"e-gallery-item elementor-gallery-item elementor-animated-content\" href=\"https:\/\/fontfusters.cat\/wp-content\/uploads\/2025\/10\/auditori1.jpg\" data-elementor-open-lightbox=\"yes\" data-elementor-lightbox-slideshow=\"23da184\" data-elementor-lightbox-title=\"auditori1\" data-e-action-hash=\"#elementor-action%3Aaction%3Dlightbox%26settings%3DeyJpZCI6MzczMzIsInVybCI6Imh0dHBzOlwvXC9mb250ZnVzdGVycy5jYXRcL3dwLWNvbnRlbnRcL3VwbG9hZHNcLzIwMjVcLzEwXC9hdWRpdG9yaTEuanBnIiwic2xpZGVzaG93IjoiMjNkYTE4NCJ9\">\n\t\t\t\t\t<div class=\"e-gallery-image elementor-gallery-item__image\" data-thumbnail=\"https:\/\/fontfusters.cat\/wp-content\/uploads\/2025\/10\/auditori1.jpg\" data-width=\"800\" data-height=\"598\" aria-label=\"\" role=\"img\" ><\/div>\n\t\t\t\t\t\t\t\t\t\t\t\t\t\t<\/a>\n\t\t\t\t\t<\/div>\n\t\t\t\t\t<\/div>\n\t\t\t\t<\/div>\n\t\t\t\t\t<\/div>\n\t\t<\/div>\n\t\t\t\t\t<\/div>\n\t\t<\/section>\n\t\t\t\t<\/div>\n\t\t","protected":false},"excerpt":{"rendered":"<p>Dans le projet Mont \u00c0gora, situ\u00e9 \u00e0 Santa Margarida de Montbui, nous avons particip\u00e9 \u00e0 la construction d\u2019un amphith\u00e9\u00e2tre enti\u00e8rement en bois, con\u00e7u comme un espace ouvert de rencontre, de culture et de communaut\u00e9.<\/p>\n<p>L\u2019intervention s\u2019est appuy\u00e9e sur l\u2019utilisation de bois local et certifi\u00e9, travaill\u00e9 avec des techniques garantissant sa durabilit\u00e9 et sa stabilit\u00e9 structurelle, tout en respectant son essence naturelle et sa chaleur visuelle.<\/p>\n<p>L\u2019ouvrage allie design, pr\u00e9cision technique et durabilit\u00e9, avec une r\u00e9alisation qui valorise les propri\u00e9t\u00e9s constructives et expressives du bois : des gradins et passerelles jusqu\u2019aux rev\u00eatements et d\u00e9tails de la structure.<\/p>\n<p>Mont \u00c0gora devient ainsi un espace vivant o\u00f9 le bois joue un r\u00f4le central et symbolique \u2014 une architecture en lien avec le territoire, le paysage et la communaut\u00e9, offrant un environnement accueillant, naturel et inspirant.<\/p>\n","protected":false},"author":1,"featured_media":39179,"comment_status":"closed","ping_status":"closed","template":"","cpt_portfolio_group":[261],"class_list":["post-40208","cpt_portfolio","type-cpt_portfolio","status-publish","has-post-thumbnail","hentry","cpt_portfolio_group-obra-nova"],"yoast_head":"<!-- This site is optimized with the Yoast SEO plugin v27.3 - https:\/\/yoast.com\/product\/yoast-seo-wordpress\/ -->\n<title>Mont \u00c0gora (Santa Margarida de Montbui) - FONT FUSTERS<\/title>\n<meta name=\"robots\" content=\"index, follow, max-snippet:-1, max-image-preview:large, max-video-preview:-1\" \/>\n<link rel=\"canonical\" href=\"https:\/\/fontfusters.cat\/portfolio\/mont-agora-santa-margarida-de-montbui\/\" \/>\n<meta property=\"og:locale\" content=\"fr_FR\" \/>\n<meta property=\"og:type\" content=\"article\" \/>\n<meta property=\"og:title\" content=\"Mont \u00c0gora (Santa Margarida de Montbui) - FONT FUSTERS\" \/>\n<meta property=\"og:description\" content=\"Dans le projet Mont \u00c0gora, situ\u00e9 \u00e0 Santa Margarida de Montbui, nous avons particip\u00e9 \u00e0 la construction d\u2019un amphith\u00e9\u00e2tre enti\u00e8rement en bois, con\u00e7u comme un espace ouvert de rencontre, de culture et de communaut\u00e9.L\u2019intervention s\u2019est appuy\u00e9e sur l\u2019utilisation de bois local et certifi\u00e9, travaill\u00e9 avec des techniques garantissant sa durabilit\u00e9 et sa stabilit\u00e9 structurelle, tout en respectant son essence naturelle et sa chaleur visuelle.L\u2019ouvrage allie design, pr\u00e9cision technique et durabilit\u00e9, avec une r\u00e9alisation qui valorise les propri\u00e9t\u00e9s constructives et expressives du bois : des gradins et passerelles jusqu\u2019aux rev\u00eatements et d\u00e9tails de la structure.Mont \u00c0gora devient ainsi un espace vivant o\u00f9 le bois joue un r\u00f4le central et symbolique \u2014 une architecture en lien avec le territoire, le paysage et la communaut\u00e9, offrant un environnement accueillant, naturel et inspirant.\" \/>\n<meta property=\"og:url\" content=\"https:\/\/fontfusters.cat\/portfolio\/mont-agora-santa-margarida-de-montbui\/\" \/>\n<meta property=\"og:site_name\" content=\"FONT FUSTERS\" \/>\n<meta property=\"article:modified_time\" content=\"2025-11-04T11:15:13+00:00\" \/>\n<meta property=\"og:image\" content=\"https:\/\/fontfusters.cat\/wp-content\/uploads\/2025\/10\/002-auditori.webp\" \/>\n\t<meta property=\"og:image:width\" content=\"1172\" \/>\n\t<meta property=\"og:image:height\" content=\"608\" \/>\n\t<meta property=\"og:image:type\" content=\"image\/webp\" \/>\n<meta name=\"twitter:card\" content=\"summary_large_image\" \/>\n<script type=\"application\/ld+json\" class=\"yoast-schema-graph\">{\"@context\":\"https:\\\/\\\/schema.org\",\"@graph\":[{\"@type\":\"WebPage\",\"@id\":\"https:\\\/\\\/fontfusters.cat\\\/portfolio\\\/mont-agora-santa-margarida-de-montbui\\\/\",\"url\":\"https:\\\/\\\/fontfusters.cat\\\/portfolio\\\/mont-agora-santa-margarida-de-montbui\\\/\",\"name\":\"Mont \u00c0gora (Santa Margarida de Montbui) - FONT FUSTERS\",\"isPartOf\":{\"@id\":\"https:\\\/\\\/fontfusters.cat\\\/#website\"},\"primaryImageOfPage\":{\"@id\":\"https:\\\/\\\/fontfusters.cat\\\/portfolio\\\/mont-agora-santa-margarida-de-montbui\\\/#primaryimage\"},\"image\":{\"@id\":\"https:\\\/\\\/fontfusters.cat\\\/portfolio\\\/mont-agora-santa-margarida-de-montbui\\\/#primaryimage\"},\"thumbnailUrl\":\"https:\\\/\\\/fontfusters.cat\\\/wp-content\\\/uploads\\\/2025\\\/10\\\/002-auditori.webp\",\"datePublished\":\"2025-10-08T12:14:41+00:00\",\"dateModified\":\"2025-11-04T11:15:13+00:00\",\"breadcrumb\":{\"@id\":\"https:\\\/\\\/fontfusters.cat\\\/portfolio\\\/mont-agora-santa-margarida-de-montbui\\\/#breadcrumb\"},\"inLanguage\":\"fr-FR\",\"potentialAction\":[{\"@type\":\"ReadAction\",\"target\":[\"https:\\\/\\\/fontfusters.cat\\\/portfolio\\\/mont-agora-santa-margarida-de-montbui\\\/\"]}]},{\"@type\":\"ImageObject\",\"inLanguage\":\"fr-FR\",\"@id\":\"https:\\\/\\\/fontfusters.cat\\\/portfolio\\\/mont-agora-santa-margarida-de-montbui\\\/#primaryimage\",\"url\":\"https:\\\/\\\/fontfusters.cat\\\/wp-content\\\/uploads\\\/2025\\\/10\\\/002-auditori.webp\",\"contentUrl\":\"https:\\\/\\\/fontfusters.cat\\\/wp-content\\\/uploads\\\/2025\\\/10\\\/002-auditori.webp\",\"width\":1172,\"height\":608},{\"@type\":\"BreadcrumbList\",\"@id\":\"https:\\\/\\\/fontfusters.cat\\\/portfolio\\\/mont-agora-santa-margarida-de-montbui\\\/#breadcrumb\",\"itemListElement\":[{\"@type\":\"ListItem\",\"position\":1,\"name\":\"Inici\",\"item\":\"https:\\\/\\\/fontfusters.cat\\\/fr\\\/\"},{\"@type\":\"ListItem\",\"position\":2,\"name\":\"Portfolio\",\"item\":\"https:\\\/\\\/fontfusters.cat\\\/portfolio\\\/\"},{\"@type\":\"ListItem\",\"position\":3,\"name\":\"Mont \u00c0gora (Santa Margarida de Montbui)\"}]},{\"@type\":\"WebSite\",\"@id\":\"https:\\\/\\\/fontfusters.cat\\\/#website\",\"url\":\"https:\\\/\\\/fontfusters.cat\\\/\",\"name\":\"FONT FUSTERS\",\"description\":\"Professionals que estimem la fusta\",\"publisher\":{\"@id\":\"https:\\\/\\\/fontfusters.cat\\\/#organization\"},\"potentialAction\":[{\"@type\":\"SearchAction\",\"target\":{\"@type\":\"EntryPoint\",\"urlTemplate\":\"https:\\\/\\\/fontfusters.cat\\\/?s={search_term_string}\"},\"query-input\":{\"@type\":\"PropertyValueSpecification\",\"valueRequired\":true,\"valueName\":\"search_term_string\"}}],\"inLanguage\":\"fr-FR\"},{\"@type\":\"Organization\",\"@id\":\"https:\\\/\\\/fontfusters.cat\\\/#organization\",\"name\":\"FONT FUSTERS\",\"url\":\"https:\\\/\\\/fontfusters.cat\\\/\",\"logo\":{\"@type\":\"ImageObject\",\"inLanguage\":\"fr-FR\",\"@id\":\"https:\\\/\\\/fontfusters.cat\\\/#\\\/schema\\\/logo\\\/image\\\/\",\"url\":\"https:\\\/\\\/fontfusters.cat\\\/wp-content\\\/uploads\\\/2023\\\/09\\\/cropped-logo_font_fusters.jpg\",\"contentUrl\":\"https:\\\/\\\/fontfusters.cat\\\/wp-content\\\/uploads\\\/2023\\\/09\\\/cropped-logo_font_fusters.jpg\",\"width\":798,\"height\":192,\"caption\":\"FONT FUSTERS\"},\"image\":{\"@id\":\"https:\\\/\\\/fontfusters.cat\\\/#\\\/schema\\\/logo\\\/image\\\/\"}}]}<\/script>\n<!-- \/ Yoast SEO plugin. -->","yoast_head_json":{"title":"Mont \u00c0gora (Santa Margarida de Montbui) - FONT FUSTERS","robots":{"index":"index","follow":"follow","max-snippet":"max-snippet:-1","max-image-preview":"max-image-preview:large","max-video-preview":"max-video-preview:-1"},"canonical":"https:\/\/fontfusters.cat\/portfolio\/mont-agora-santa-margarida-de-montbui\/","og_locale":"fr_FR","og_type":"article","og_title":"Mont \u00c0gora (Santa Margarida de Montbui) - FONT FUSTERS","og_description":"Dans le projet Mont \u00c0gora, situ\u00e9 \u00e0 Santa Margarida de Montbui, nous avons particip\u00e9 \u00e0 la construction d\u2019un amphith\u00e9\u00e2tre enti\u00e8rement en bois, con\u00e7u comme un espace ouvert de rencontre, de culture et de communaut\u00e9.L\u2019intervention s\u2019est appuy\u00e9e sur l\u2019utilisation de bois local et certifi\u00e9, travaill\u00e9 avec des techniques garantissant sa durabilit\u00e9 et sa stabilit\u00e9 structurelle, tout en respectant son essence naturelle et sa chaleur visuelle.L\u2019ouvrage allie design, pr\u00e9cision technique et durabilit\u00e9, avec une r\u00e9alisation qui valorise les propri\u00e9t\u00e9s constructives et expressives du bois : des gradins et passerelles jusqu\u2019aux rev\u00eatements et d\u00e9tails de la structure.Mont \u00c0gora devient ainsi un espace vivant o\u00f9 le bois joue un r\u00f4le central et symbolique \u2014 une architecture en lien avec le territoire, le paysage et la communaut\u00e9, offrant un environnement accueillant, naturel et inspirant.","og_url":"https:\/\/fontfusters.cat\/portfolio\/mont-agora-santa-margarida-de-montbui\/","og_site_name":"FONT FUSTERS","article_modified_time":"2025-11-04T11:15:13+00:00","og_image":[{"width":1172,"height":608,"url":"https:\/\/fontfusters.cat\/wp-content\/uploads\/2025\/10\/002-auditori.webp","type":"image\/webp"}],"twitter_card":"summary_large_image","schema":{"@context":"https:\/\/schema.org","@graph":[{"@type":"WebPage","@id":"https:\/\/fontfusters.cat\/portfolio\/mont-agora-santa-margarida-de-montbui\/","url":"https:\/\/fontfusters.cat\/portfolio\/mont-agora-santa-margarida-de-montbui\/","name":"Mont \u00c0gora (Santa Margarida de Montbui) - FONT FUSTERS","isPartOf":{"@id":"https:\/\/fontfusters.cat\/#website"},"primaryImageOfPage":{"@id":"https:\/\/fontfusters.cat\/portfolio\/mont-agora-santa-margarida-de-montbui\/#primaryimage"},"image":{"@id":"https:\/\/fontfusters.cat\/portfolio\/mont-agora-santa-margarida-de-montbui\/#primaryimage"},"thumbnailUrl":"https:\/\/fontfusters.cat\/wp-content\/uploads\/2025\/10\/002-auditori.webp","datePublished":"2025-10-08T12:14:41+00:00","dateModified":"2025-11-04T11:15:13+00:00","breadcrumb":{"@id":"https:\/\/fontfusters.cat\/portfolio\/mont-agora-santa-margarida-de-montbui\/#breadcrumb"},"inLanguage":"fr-FR","potentialAction":[{"@type":"ReadAction","target":["https:\/\/fontfusters.cat\/portfolio\/mont-agora-santa-margarida-de-montbui\/"]}]},{"@type":"ImageObject","inLanguage":"fr-FR","@id":"https:\/\/fontfusters.cat\/portfolio\/mont-agora-santa-margarida-de-montbui\/#primaryimage","url":"https:\/\/fontfusters.cat\/wp-content\/uploads\/2025\/10\/002-auditori.webp","contentUrl":"https:\/\/fontfusters.cat\/wp-content\/uploads\/2025\/10\/002-auditori.webp","width":1172,"height":608},{"@type":"BreadcrumbList","@id":"https:\/\/fontfusters.cat\/portfolio\/mont-agora-santa-margarida-de-montbui\/#breadcrumb","itemListElement":[{"@type":"ListItem","position":1,"name":"Inici","item":"https:\/\/fontfusters.cat\/fr\/"},{"@type":"ListItem","position":2,"name":"Portfolio","item":"https:\/\/fontfusters.cat\/portfolio\/"},{"@type":"ListItem","position":3,"name":"Mont \u00c0gora (Santa Margarida de Montbui)"}]},{"@type":"WebSite","@id":"https:\/\/fontfusters.cat\/#website","url":"https:\/\/fontfusters.cat\/","name":"FONT FUSTERS","description":"Professionals que estimem la fusta","publisher":{"@id":"https:\/\/fontfusters.cat\/#organization"},"potentialAction":[{"@type":"SearchAction","target":{"@type":"EntryPoint","urlTemplate":"https:\/\/fontfusters.cat\/?s={search_term_string}"},"query-input":{"@type":"PropertyValueSpecification","valueRequired":true,"valueName":"search_term_string"}}],"inLanguage":"fr-FR"},{"@type":"Organization","@id":"https:\/\/fontfusters.cat\/#organization","name":"FONT FUSTERS","url":"https:\/\/fontfusters.cat\/","logo":{"@type":"ImageObject","inLanguage":"fr-FR","@id":"https:\/\/fontfusters.cat\/#\/schema\/logo\/image\/","url":"https:\/\/fontfusters.cat\/wp-content\/uploads\/2023\/09\/cropped-logo_font_fusters.jpg","contentUrl":"https:\/\/fontfusters.cat\/wp-content\/uploads\/2023\/09\/cropped-logo_font_fusters.jpg","width":798,"height":192,"caption":"FONT FUSTERS"},"image":{"@id":"https:\/\/fontfusters.cat\/#\/schema\/logo\/image\/"}}]}},"_links":{"self":[{"href":"https:\/\/fontfusters.cat\/fr\/wp-json\/wp\/v2\/cpt_portfolio\/40208","targetHints":{"allow":["GET"]}}],"collection":[{"href":"https:\/\/fontfusters.cat\/fr\/wp-json\/wp\/v2\/cpt_portfolio"}],"about":[{"href":"https:\/\/fontfusters.cat\/fr\/wp-json\/wp\/v2\/types\/cpt_portfolio"}],"author":[{"embeddable":true,"href":"https:\/\/fontfusters.cat\/fr\/wp-json\/wp\/v2\/users\/1"}],"replies":[{"embeddable":true,"href":"https:\/\/fontfusters.cat\/fr\/wp-json\/wp\/v2\/comments?post=40208"}],"version-history":[{"count":1,"href":"https:\/\/fontfusters.cat\/fr\/wp-json\/wp\/v2\/cpt_portfolio\/40208\/revisions"}],"predecessor-version":[{"id":40209,"href":"https:\/\/fontfusters.cat\/fr\/wp-json\/wp\/v2\/cpt_portfolio\/40208\/revisions\/40209"}],"wp:featuredmedia":[{"embeddable":true,"href":"https:\/\/fontfusters.cat\/fr\/wp-json\/wp\/v2\/media\/39179"}],"wp:attachment":[{"href":"https:\/\/fontfusters.cat\/fr\/wp-json\/wp\/v2\/media?parent=40208"}],"wp:term":[{"taxonomy":"cpt_portfolio_group","embeddable":true,"href":"https:\/\/fontfusters.cat\/fr\/wp-json\/wp\/v2\/cpt_portfolio_group?post=40208"}],"curies":[{"name":"wp","href":"https:\/\/api.w.org\/{rel}","templated":true}]}}